{"id":2439,"date":"2015-05-28T06:01:47","date_gmt":"2015-05-28T06:01:47","guid":{"rendered":"http:\/\/www.casa-shakti.com\/?page_id=2439"},"modified":"2021-05-05T10:52:04","modified_gmt":"2021-05-05T10:52:04","slug":"news-news-news","status":"publish","type":"page","link":"http:\/\/www.casa-shakti.com\/gb\/news-news-news\/","title":{"rendered":"NEWS"},"content":{"rendered":"<div id=\"pl-2439\"  class=\"panel-layout\" >\n<div id=\"pg-2439-0\"  class=\"panel-grid panel-no-style\" >\n<div id=\"pgc-2439-0-0\"  class=\"panel-grid-cell\"  data-weight=\"1\" >\n<div id=\"panel-2439-0-0-0\" class=\"so-panel widget widget_sow-slider panel-first-child panel-last-child\" data-index=\"0\" data-style=\"{&quot;background_display&quot;:&quot;tile&quot;}\" >\n<div class=\"so-widget-sow-slider so-widget-sow-slider-default-abf3e628296a\">\n<div class=\"sow-slider-base \" style=\"display: none\">\n<ul class=\"sow-slider-images\" data-settings=\"{&quot;pagination&quot;:true,&quot;speed&quot;:800,&quot;timeout&quot;:8000,&quot;swipe&quot;:true}\">\n<li class=\"sow-slider-image\" style=\"\" >\n\t\t\t\t\t\t\t\t\t\t\t\t\t\t\t\t\t<\/li>\n<\/ul>\n<ol class=\"sow-slider-pagination\">\n<li><a href=\"#\" data-goto=\"0\">1<\/a><\/li>\n<\/ol>\n<div class=\"sow-slide-nav sow-slide-nav-next\">\n\t\t\t\t\t<a href=\"#\" data-goto=\"next\" data-action=\"next\"><br \/>\n\t\t\t\t\t\t<em class=\"sow-sld-icon-thin-right\"><\/em><br \/>\n\t\t\t\t\t<\/a>\n\t\t\t\t<\/div>\n<div class=\"sow-slide-nav sow-slide-nav-prev\">\n\t\t\t\t\t<a href=\"#\" data-goto=\"previous\" data-action=\"prev\"><br \/>\n\t\t\t\t\t\t<em class=\"sow-sld-icon-thin-left\"><\/em><br \/>\n\t\t\t\t\t<\/a>\n\t\t\t\t<\/div>\n<\/p><\/div>\n<\/div>\n<\/div>\n<\/div>\n<\/div>\n<div id=\"pg-2439-1\"  class=\"panel-grid panel-no-style\" >\n<div id=\"pgc-2439-1-0\"  class=\"panel-grid-cell\"  data-weight=\"1\" >\n<div id=\"panel-2439-1-0-0\" class=\"so-panel widget widget_black-studio-tinymce widget_black_studio_tinymce panel-first-child panel-last-child\" data-index=\"1\" data-style=\"{&quot;background_display&quot;:&quot;tile&quot;}\" >\n<h3 class=\"widget-title\">WAS GIBTS NEUES IM SHAKTI-YOGA STUDIO LANZAROTE? <\/h3>\n<div class=\"textwidget\">\n<p>Das Weihnachts- und Neujahrsprogramm im shakti-yoga Studio in Costa Teguise.<\/p>\n<p><a href=\"http:\/\/www.casa-shakti.com\/wp-content\/uploads\/2015\/05\/christmas-1819-DE.jpg\"><img loading=\"lazy\" class=\"alignleft size-medium wp-image-3805\" src=\"http:\/\/www.casa-shakti.com\/wp-content\/uploads\/2015\/05\/christmas-1819-DE-212x300.jpg\" alt=\"\" width=\"212\" height=\"300\" srcset=\"http:\/\/www.casa-shakti.com\/wp-content\/uploads\/2015\/05\/christmas-1819-DE-212x300.jpg 212w, http:\/\/www.casa-shakti.com\/wp-content\/uploads\/2015\/05\/christmas-1819-DE-768x1086.jpg 768w, http:\/\/www.casa-shakti.com\/wp-content\/uploads\/2015\/05\/christmas-1819-DE-724x1024.jpg 724w, http:\/\/www.casa-shakti.com\/wp-content\/uploads\/2015\/05\/christmas-1819-DE.jpg 1240w\" sizes=\"(max-width: 212px) 100vw, 212px\" \/><\/a><\/p>\n<p>\u00a0<\/p>\n<p>\u00a0<\/p>\n<p>\u00a0<\/p>\n<p>\u00a0<\/p>\n<p>\u00a0<\/p>\n<p>\u00a0<\/p>\n<p>\u00a0<\/p>\n<p>\u00a0<\/p>\n<p>\u00a0<\/p>\n<p>shakti-yoga Studio w\u00fcnscht allen friedliche und besinnliche Weihnachtstag und einen guten \u00dcbergang ins neue Jahr 2019.<\/p>\n<p><a href=\"http:\/\/www.casa-shakti.com\/wp-content\/uploads\/2015\/05\/Weihnachten-2018-DE.jpg\"><img loading=\"lazy\" class=\"alignleft size-medium wp-image-3801\" src=\"http:\/\/www.casa-shakti.com\/wp-content\/uploads\/2015\/05\/Weihnachten-2018-DE-300x300.jpg\" alt=\"\" width=\"300\" height=\"300\" srcset=\"http:\/\/www.casa-shakti.com\/wp-content\/uploads\/2015\/05\/Weihnachten-2018-DE-300x300.jpg 300w, http:\/\/www.casa-shakti.com\/wp-content\/uploads\/2015\/05\/Weihnachten-2018-DE-150x150.jpg 150w, http:\/\/www.casa-shakti.com\/wp-content\/uploads\/2015\/05\/Weihnachten-2018-DE-768x768.jpg 768w, http:\/\/www.casa-shakti.com\/wp-content\/uploads\/2015\/05\/Weihnachten-2018-DE-1024x1024.jpg 1024w, http:\/\/www.casa-shakti.com\/wp-content\/uploads\/2015\/05\/Weihnachten-2018-DE-230x230.jpg 230w, http:\/\/www.casa-shakti.com\/wp-content\/uploads\/2015\/05\/Weihnachten-2018-DE-365x365.jpg 365w, http:\/\/www.casa-shakti.com\/wp-content\/uploads\/2015\/05\/Weihnachten-2018-DE.jpg 1240w\" sizes=\"(max-width: 300px) 100vw, 300px\" \/><\/a><\/p>\n<p>\u00a0<\/p>\n<p>\u00a0<\/p>\n<p>\u00a0<\/p>\n<p>\u00a0<\/p>\n<p>\u00a0<\/p>\n<p>\u00a0<\/p>\n<p>\u00a0<\/p>\n<p>\u00a0<\/p>\n<p>\u00a0<\/p>\n<p>Jeden dritten Sonntag im Monat Yin &amp; Yang special am Strand vor dem Hotel Mel\u00eda Salinas in Costa Teguise. Mit Voranmeldung.<\/p>\n<p><a href=\"http:\/\/www.casa-shakti.com\/wp-content\/uploads\/2015\/05\/clase-especial-DOMINGO-16.12.-.jpg\"><img loading=\"lazy\" class=\"alignleft size-medium wp-image-3794\" src=\"http:\/\/www.casa-shakti.com\/wp-content\/uploads\/2015\/05\/clase-especial-DOMINGO-16.12.--300x300.jpg\" alt=\"\" width=\"300\" height=\"300\" srcset=\"http:\/\/www.casa-shakti.com\/wp-content\/uploads\/2015\/05\/clase-especial-DOMINGO-16.12.--300x300.jpg 300w, http:\/\/www.casa-shakti.com\/wp-content\/uploads\/2015\/05\/clase-especial-DOMINGO-16.12.--150x150.jpg 150w, http:\/\/www.casa-shakti.com\/wp-content\/uploads\/2015\/05\/clase-especial-DOMINGO-16.12.--768x768.jpg 768w, http:\/\/www.casa-shakti.com\/wp-content\/uploads\/2015\/05\/clase-especial-DOMINGO-16.12.--1024x1024.jpg 1024w, http:\/\/www.casa-shakti.com\/wp-content\/uploads\/2015\/05\/clase-especial-DOMINGO-16.12.--230x230.jpg 230w, http:\/\/www.casa-shakti.com\/wp-content\/uploads\/2015\/05\/clase-especial-DOMINGO-16.12.--365x365.jpg 365w, http:\/\/www.casa-shakti.com\/wp-content\/uploads\/2015\/05\/clase-especial-DOMINGO-16.12.-.jpg 1240w\" sizes=\"(max-width: 300px) 100vw, 300px\" \/><\/a> <a href=\"http:\/\/www.casa-shakti.com\/wp-content\/uploads\/2015\/05\/clase-especial-18.11.-Meli\u00e1-Salinas.jpg\"><img loading=\"lazy\" class=\"alignleft size-medium wp-image-3787\" src=\"http:\/\/www.casa-shakti.com\/wp-content\/uploads\/2015\/05\/clase-especial-18.11.-Meli\u00e1-Salinas-300x300.jpg\" alt=\"\" width=\"300\" height=\"300\" srcset=\"http:\/\/www.casa-shakti.com\/wp-content\/uploads\/2015\/05\/clase-especial-18.11.-Meli\u00e1-Salinas-300x300.jpg 300w, http:\/\/www.casa-shakti.com\/wp-content\/uploads\/2015\/05\/clase-especial-18.11.-Meli\u00e1-Salinas-150x150.jpg 150w, http:\/\/www.casa-shakti.com\/wp-content\/uploads\/2015\/05\/clase-especial-18.11.-Meli\u00e1-Salinas-768x768.jpg 768w, http:\/\/www.casa-shakti.com\/wp-content\/uploads\/2015\/05\/clase-especial-18.11.-Meli\u00e1-Salinas-1024x1024.jpg 1024w, http:\/\/www.casa-shakti.com\/wp-content\/uploads\/2015\/05\/clase-especial-18.11.-Meli\u00e1-Salinas-230x230.jpg 230w, http:\/\/www.casa-shakti.com\/wp-content\/uploads\/2015\/05\/clase-especial-18.11.-Meli\u00e1-Salinas-365x365.jpg 365w, http:\/\/www.casa-shakti.com\/wp-content\/uploads\/2015\/05\/clase-especial-18.11.-Meli\u00e1-Salinas.jpg 1240w\" sizes=\"(max-width: 300px) 100vw, 300px\" \/><\/a><\/p>\n<p>\u00a0<\/p>\n<p>\u00a0<\/p>\n<p>\u00a0<\/p>\n<p>\u00a0<\/p>\n<p>\u00a0<\/p>\n<p>\u00a0<\/p>\n<p>\u00a0<\/p>\n<p>\u00a0<\/p>\n<p>\u00a0<\/p>\n<p>Neues Konzept: Yoga am Strand in der beach bar Luca in Costa Teguise mit chilli<a href=\"http:\/\/www.casa-shakti.com\/wp-content\/uploads\/2015\/05\/DJYOGABAR-2.-klein-.jpg\"><img loading=\"lazy\" class=\"size-medium wp-image-3779 alignleft\" src=\"http:\/\/www.casa-shakti.com\/wp-content\/uploads\/2015\/05\/DJYOGABAR-2.-klein--212x300.jpg\" alt=\"\" width=\"212\" height=\"300\" srcset=\"http:\/\/www.casa-shakti.com\/wp-content\/uploads\/2015\/05\/DJYOGABAR-2.-klein--212x300.jpg 212w, http:\/\/www.casa-shakti.com\/wp-content\/uploads\/2015\/05\/DJYOGABAR-2.-klein--768x1087.jpg 768w, http:\/\/www.casa-shakti.com\/wp-content\/uploads\/2015\/05\/DJYOGABAR-2.-klein--723x1024.jpg 723w, http:\/\/www.casa-shakti.com\/wp-content\/uploads\/2015\/05\/DJYOGABAR-2.-klein-.jpg 1239w\" sizes=\"(max-width: 212px) 100vw, 212px\" \/><\/a>ger Musik von DJ Pana, danach Partymusik mit DJ Pana bis 22:00 Uhr.\u00a0<\/p>\n<p>\u00a0<\/p>\n<p>\u00a0<\/p>\n<p>\u00a0<\/p>\n<p>\u00a0<\/p>\n<p>\u00a0<\/p>\n<p>\u00a0<\/p>\n<p>\u00a0<\/p>\n<p>\u00a0<\/p>\n<p><a href=\"http:\/\/www.casa-shakti.com\/wp-content\/uploads\/2015\/05\/YW-20.-28.04.2018-Anna2.jpg\"><img loading=\"lazy\" class=\"alignleft size-medium wp-image-3726\" src=\"http:\/\/www.casa-shakti.com\/wp-content\/uploads\/2015\/05\/YW-20.-28.04.2018-Anna2-300x212.jpg\" alt=\"\" width=\"300\" height=\"212\" srcset=\"http:\/\/www.casa-shakti.com\/wp-content\/uploads\/2015\/05\/YW-20.-28.04.2018-Anna2-300x212.jpg 300w, http:\/\/www.casa-shakti.com\/wp-content\/uploads\/2015\/05\/YW-20.-28.04.2018-Anna2-768x543.jpg 768w, http:\/\/www.casa-shakti.com\/wp-content\/uploads\/2015\/05\/YW-20.-28.04.2018-Anna2-1024x724.jpg 1024w, http:\/\/www.casa-shakti.com\/wp-content\/uploads\/2015\/05\/YW-20.-28.04.2018-Anna2.jpg 1632w\" sizes=\"(max-width: 300px) 100vw, 300px\" \/><\/a><\/p>\n<div class=\"\" data-block=\"true\" data-editor=\"apjta\" data-offset-key=\"9grav-0-0\">\n<div data-offset-key=\"9grav-0-0\">\u00a0<\/div>\n<div class=\"_1mf _1mj\" data-offset-key=\"9grav-0-0\"><span data-offset-key=\"9grav-0-0\">A fantastic week of yoga and hiking on Lanzarote! Many thanks to <\/span><\/div>\n<div class=\"_1mf _1mj\" data-offset-key=\"9grav-0-0\"><span data-offset-key=\"9grav-0-0\">Anna! You may also want to enjoy an unique individually week of yoga and hiking on Lanzarote with shakti-yoga?<\/span><\/div>\n<\/div>\n<div data-offset-key=\"8v6bb-0-0\">\u00a0<\/div>\n<div data-offset-key=\"8v6bb-0-0\"><span data-offset-key=\"94fkq-0-0\">Eine fantastische Woche mit Yoga und Wandern auf Lanzarote! Vielen Dank an Anna! Vielleicht hast auch du Lust eine einzigartige individuell angepasste Woche mit Yoga und Wandern auf Lanzarote zu erleben? <\/span><\/div>\n<div class=\"\" data-block=\"true\" data-editor=\"apjta\" data-offset-key=\"8v6bb-0-0\">\n<div data-offset-key=\"8v6bb-0-0\">\u00a0<\/div>\n<div class=\"_1mf _1mj\" data-offset-key=\"8v6bb-0-0\">Una semana estupenda de yoga y senderismo en Lanzarote. Muchas gracias a Anna! \u00bfTal vez a ti tambi\u00e9n te gustar\u00eda disfrutar de una semana \u00fanica y personalizada de yoga y senderismo en Lanzarote?\u00a0<\/div>\n<\/div>\n<div class=\"\" data-block=\"true\" data-editor=\"apjta\" data-offset-key=\"6bonh-0-0\">\n<div class=\"_1mf _1mj\" data-offset-key=\"6bonh-0-0\"><span data-offset-key=\"6bonh-0-0\">\u00a0<\/span><\/div>\n<\/div>\n<div class=\"\" data-block=\"true\" data-editor=\"apjta\" data-offset-key=\"94fkq-0-0\">\n<div class=\"_1mf _1mj\" data-offset-key=\"94fkq-0-0\">\u00a0<\/div>\n<\/div>\n<p>\u00a0<\/p>\n<p>Endlich gibt es neue Termine f\u00fcr <strong>Yoga im Vulkan! <\/strong>Es gibt noch freie Pl\u00e4tze f\u00fcr den 20.-27. April \/ 11.-18. Juni \/ 22.-29. September \/ 16.-23. November \/ 21.-28. Dezember <strong>2018 <\/strong>und 29.Dezember-05. Januar \/ 08.-15 Februar <strong>2019<\/strong>.\u00a0<strong>Melde dich schnell an!\u00a0<\/strong><\/p>\n<p><a href=\"http:\/\/www.casa-shakti.com\/wp-content\/uploads\/2011\/10\/retreat-201819-vorne-.jpg\"><img loading=\"lazy\" class=\"alignleft size-medium wp-image-3703\" src=\"http:\/\/www.casa-shakti.com\/wp-content\/uploads\/2011\/10\/retreat-201819-vorne--300x203.jpg\" alt=\"\" width=\"300\" height=\"203\" srcset=\"http:\/\/www.casa-shakti.com\/wp-content\/uploads\/2011\/10\/retreat-201819-vorne--300x203.jpg 300w, http:\/\/www.casa-shakti.com\/wp-content\/uploads\/2011\/10\/retreat-201819-vorne--768x518.jpg 768w, http:\/\/www.casa-shakti.com\/wp-content\/uploads\/2011\/10\/retreat-201819-vorne-.jpg 874w\" sizes=\"(max-width: 300px) 100vw, 300px\" \/><\/a> <a href=\"http:\/\/www.casa-shakti.com\/wp-content\/uploads\/2015\/05\/retreat-201718-hinten-.jpg\"><img loading=\"lazy\" class=\"alignleft size-medium wp-image-3589\" src=\"http:\/\/www.casa-shakti.com\/wp-content\/uploads\/2015\/05\/retreat-201718-hinten--300x203.jpg\" alt=\"\" width=\"300\" height=\"203\" srcset=\"http:\/\/www.casa-shakti.com\/wp-content\/uploads\/2015\/05\/retreat-201718-hinten--300x203.jpg 300w, http:\/\/www.casa-shakti.com\/wp-content\/uploads\/2015\/05\/retreat-201718-hinten--768x518.jpg 768w, http:\/\/www.casa-shakti.com\/wp-content\/uploads\/2015\/05\/retreat-201718-hinten-.jpg 874w\" sizes=\"(max-width: 300px) 100vw, 300px\" \/><\/a><\/p>\n<p>\u00a0<\/p>\n<p>\u00a0<\/p>\n<p>\u00a0<\/p>\n<p>\u00a0<\/p>\n<p>\u00a0<\/p>\n<p>\u00a0<\/p>\n<p>\u00a0<\/p>\n<p>In der letzten Dezemberwoche vom 26.12.2017-03.01.2018 gibt es intensiv <strong>Yoga<\/strong> mit Conny und 4 erlebnisreiche <strong>Rennradtouren<\/strong> mit Luka.<\/p>\n<p>Melde dich jetzt an f\u00fcr die Yoga &amp; Bike Woche!<\/p>\n<p><a href=\"http:\/\/www.casa-shakti.com\/retreats\/\"><img loading=\"lazy\" class=\"alignleft size-medium wp-image-3431\" src=\"http:\/\/www.casa-shakti.com\/wp-content\/uploads\/2017\/07\/flyer-2017_front-300x211.jpg\" alt=\"\" width=\"300\" height=\"211\" srcset=\"http:\/\/www.casa-shakti.com\/wp-content\/uploads\/2017\/07\/flyer-2017_front-300x211.jpg 300w, http:\/\/www.casa-shakti.com\/wp-content\/uploads\/2017\/07\/flyer-2017_front-768x541.jpg 768w, http:\/\/www.casa-shakti.com\/wp-content\/uploads\/2017\/07\/flyer-2017_front-1024x722.jpg 1024w\" sizes=\"(max-width: 300px) 100vw, 300px\" \/><\/a><a href=\"http:\/\/www.casa-shakti.com\/retreats\/\"><img loading=\"lazy\" class=\"alignleft size-medium wp-image-3432\" src=\"http:\/\/www.casa-shakti.com\/wp-content\/uploads\/2017\/07\/flyer-2017_ruecken-300x211.jpg\" alt=\"\" width=\"300\" height=\"211\" srcset=\"http:\/\/www.casa-shakti.com\/wp-content\/uploads\/2017\/07\/flyer-2017_ruecken-300x211.jpg 300w, http:\/\/www.casa-shakti.com\/wp-content\/uploads\/2017\/07\/flyer-2017_ruecken-768x541.jpg 768w, http:\/\/www.casa-shakti.com\/wp-content\/uploads\/2017\/07\/flyer-2017_ruecken-1024x721.jpg 1024w\" sizes=\"(max-width: 300px) 100vw, 300px\" \/><\/a>\u00a0<\/p>\n<p>\u00a0<\/p>\n<p>\u00a0<\/p>\n<p>\u00a0<\/p>\n<p>\u00a0<\/p>\n<p>\u00a0<\/p>\n<p>\u00a0<\/p>\n<p>EIN YOGA RETREAT MIT OM AHOY SURF YOGA UND SHAKTI-YOGA<\/p>\n<p>vom 03.-10. September 2016<\/p>\n<p><a href=\"http:\/\/www.casa-shakti.com\/wp-content\/uploads\/2015\/06\/flyer_yadv_1.png\" rel=\"attachment wp-att-3359\"><img loading=\"lazy\" class=\"alignleft size-medium wp-image-3359\" src=\"http:\/\/www.casa-shakti.com\/wp-content\/uploads\/2015\/06\/flyer_yadv_1-300x215.png\" alt=\"flyer_yadv_1\" width=\"300\" height=\"215\" srcset=\"http:\/\/www.casa-shakti.com\/wp-content\/uploads\/2015\/06\/flyer_yadv_1-300x215.png 300w, http:\/\/www.casa-shakti.com\/wp-content\/uploads\/2015\/06\/flyer_yadv_1-768x551.png 768w, http:\/\/www.casa-shakti.com\/wp-content\/uploads\/2015\/06\/flyer_yadv_1-1024x734.png 1024w, http:\/\/www.casa-shakti.com\/wp-content\/uploads\/2015\/06\/flyer_yadv_1.png 1476w\" sizes=\"(max-width: 300px) 100vw, 300px\" \/><\/a><\/p>\n<p><a href=\"http:\/\/www.casa-shakti.com\/wp-content\/uploads\/2011\/10\/flyer_yadv_2.jpg\" rel=\"attachment wp-att-3357\"><img loading=\"lazy\" class=\"alignleft size-medium wp-image-3357\" src=\"http:\/\/www.casa-shakti.com\/wp-content\/uploads\/2011\/10\/flyer_yadv_2-300x213.jpg\" alt=\"flyer_yadv_2\" width=\"300\" height=\"213\" srcset=\"http:\/\/www.casa-shakti.com\/wp-content\/uploads\/2011\/10\/flyer_yadv_2-300x213.jpg 300w, http:\/\/www.casa-shakti.com\/wp-content\/uploads\/2011\/10\/flyer_yadv_2-768x546.jpg 768w, http:\/\/www.casa-shakti.com\/wp-content\/uploads\/2011\/10\/flyer_yadv_2-1024x728.jpg 1024w, http:\/\/www.casa-shakti.com\/wp-content\/uploads\/2011\/10\/flyer_yadv_2.jpg 1480w\" sizes=\"(max-width: 300px) 100vw, 300px\" \/><\/a><\/p>\n<p>\u00a0<\/p>\n<p>\u00a0<\/p>\n<p>\u00a0<\/p>\n<p>\u00a0<\/p>\n<p>\u00a0<\/p>\n<p>\u00a0<\/p>\n<p>\u00a0<\/p>\n<p>\u00a0 \u00a0MANTREN-KONZERT IM SHAKTI-YOGA STUDIO<\/p>\n<p><a href=\"http:\/\/www.casa-shakti.com\/wp-content\/uploads\/2015\/05\/1_jullio_CTeguise.jpg\" rel=\"attachment wp-att-3353\"><img loading=\"lazy\" class=\"alignleft size-medium wp-image-3353\" src=\"http:\/\/www.casa-shakti.com\/wp-content\/uploads\/2015\/05\/1_jullio_CTeguise-212x300.jpg\" alt=\"1_jullio_CTeguise\" width=\"212\" height=\"300\" srcset=\"http:\/\/www.casa-shakti.com\/wp-content\/uploads\/2015\/05\/1_jullio_CTeguise-212x300.jpg 212w, http:\/\/www.casa-shakti.com\/wp-content\/uploads\/2015\/05\/1_jullio_CTeguise-768x1087.jpg 768w, http:\/\/www.casa-shakti.com\/wp-content\/uploads\/2015\/05\/1_jullio_CTeguise-724x1024.jpg 724w\" sizes=\"(max-width: 212px) 100vw, 212px\" \/><\/a><\/p>\n<p>\u00a0<\/p>\n<p>\u00a0<\/p>\n<p>\u00a0<\/p>\n<p>\u00a0<\/p>\n<p>\u00a0<\/p>\n<p>\u00a0<\/p>\n<p>\u00a0<\/p>\n<p>\u00a0<\/p>\n<p>\u00a0<\/p>\n<figure id=\"attachment_3352\" aria-describedby=\"caption-attachment-3352\" style=\"width: 300px\" class=\"wp-caption alignleft\"><a href=\"http:\/\/www.casa-shakti.com\/wp-content\/uploads\/2015\/05\/foto-yoga-art-ni\u00f1@s.jpg\" rel=\"attachment wp-att-3352\"><img loading=\"lazy\" class=\"size-medium wp-image-3352\" src=\"http:\/\/www.casa-shakti.com\/wp-content\/uploads\/2015\/05\/foto-yoga-art-ni\u00f1@s-300x212.jpg\" alt=\"YOGA UND KUNST F\u00dcR KINDER\" width=\"300\" height=\"212\" srcset=\"http:\/\/www.casa-shakti.com\/wp-content\/uploads\/2015\/05\/foto-yoga-art-ni\u00f1@s-300x212.jpg 300w, http:\/\/www.casa-shakti.com\/wp-content\/uploads\/2015\/05\/foto-yoga-art-ni\u00f1@s-768x543.jpg 768w, http:\/\/www.casa-shakti.com\/wp-content\/uploads\/2015\/05\/foto-yoga-art-ni\u00f1@s-1024x724.jpg 1024w, http:\/\/www.casa-shakti.com\/wp-content\/uploads\/2015\/05\/foto-yoga-art-ni\u00f1@s.jpg 1753w\" sizes=\"(max-width: 300px) 100vw, 300px\" \/><\/a><figcaption id=\"caption-attachment-3352\" class=\"wp-caption-text\">YOGA UND KUNST F\u00dcR KINDER<\/figcaption><\/figure>\n<p>IMPRESSION FROM THE FIRST YOGA &amp; ART FOR KIDS WORKSHOP\u00a0mit 10 Kindern war unser erster Yoga &amp; Kunst Workshop f\u00fcr Kinder ein toller Erfolg! Im September\/Oktober gibt es mehr davon und regelm\u00e4\u00dfig.<\/p>\n<p>\u00a0<\/p>\n<p>\u00a0<\/p>\n<p>\u00a0<\/p>\n<p>\u00a0<\/p>\n<p>\u00a0<\/p>\n<p>YOGA &amp; ART FOR KIDS 7-11 YEARS OLD SATURDAY 04. JUNI 2016 11-14 AM<\/p>\n<p><strong><a href=\"http:\/\/www.casa-shakti.com\/wp-content\/uploads\/2015\/05\/DIN6_yogarte-e1464467135695.jpg\" rel=\"attachment wp-att-3331\"><img loading=\"lazy\" class=\" wp-image-3331 alignleft\" src=\"http:\/\/www.casa-shakti.com\/wp-content\/uploads\/2015\/05\/DIN6_yogarte-213x300.jpg\" alt=\"DIN6_yogarte\" width=\"148\" height=\"208\" \/><\/a><\/strong><\/p>\n<p>\u00a0<\/p>\n<p><strong>The arts<\/strong> nourishes and awakens curiosity and creativity.<\/p>\n<p><strong>Practising Yoga<\/strong> offers a host of physical and mental benefits, also helps to cultivate in childhood essential virtues such as generosity, honesty, self-confidence, and respect for all beings starting with oneself.<\/p>\n<p>\u00a0<\/p>\n<p>\u00a0<\/p>\n<p>\u00a0<\/p>\n<p>AERIAL YOGA IM SHAKTI-YOGA STUDIO LANZAROTE<a href=\"http:\/\/www.casa-shakti.com\/wp-content\/uploads\/2015\/05\/aerial-06.05.16-e1464453841678.jpg\" rel=\"attachment wp-att-3326\"><img loading=\"lazy\" class=\" wp-image-3326 alignleft\" src=\"http:\/\/www.casa-shakti.com\/wp-content\/uploads\/2015\/05\/aerial-06.05.16-300x300.jpg\" alt=\"aerial 06.05.16\" width=\"166\" height=\"166\" \/><\/a><\/p>\n<p>Seit Dezember 2015 bieten wir auch Aerial-Yoga mit Olivia (spanisch\/englisch) und Diana King (deutsch, englisch, spanisch) an. Jeden Mittwoch von 17:30-18:30 (Olivia)und schau auf der FB-Seite www.facebook.com\/shaktiyogastudio\/ nach den aktuellen Aerial Workshops.<\/p>\n<p>\u00a0<\/p>\n<\/div>\n<\/div>\n<\/div>\n<\/div>\n<div id=\"pg-2439-2\"  class=\"panel-grid panel-no-style\" >\n<div id=\"pgc-2439-2-0\"  class=\"panel-grid-cell\"  data-weight=\"1\" >\n<div id=\"panel-2439-2-0-0\" class=\"so-panel widget widget_sow-image panel-first-child panel-last-child\" data-index=\"2\" data-style=\"{&quot;background_display&quot;:&quot;tile&quot;}\" >\n<div class=\"so-widget-sow-image so-widget-sow-image-default-813df796d9b1\">\n<div class=\"sow-image-container\">\n\t<img loading=\"lazy\" src=\"http:\/\/www.casa-shakti.com\/wp-content\/uploads\/2011\/10\/yoga-pose3.png\" width=\"1417\" height=\"411\" srcset=\"http:\/\/www.casa-shakti.com\/wp-content\/uploads\/2011\/10\/yoga-pose3.png 1417w, http:\/\/www.casa-shakti.com\/wp-content\/uploads\/2011\/10\/yoga-pose3-300x87.png 300w, http:\/\/www.casa-shakti.com\/wp-content\/uploads\/2011\/10\/yoga-pose3-1024x297.png 1024w\" sizes=\"(max-width: 1417px) 100vw, 1417px\" title=\"yoga-pose3,\" \t\tclass=\"so-widget-image\"\/>\n<\/div>\n<\/div>\n<\/div>\n<\/div>\n<\/div>\n<\/div>\n","protected":false},"excerpt":{"rendered":"<p>1 WAS GIBTS NEUES IM SHAKTI-YOGA STUDIO LANZAROTE? Das Weihnachts- und Neujahrsprogramm im shakti-yoga Studio in Costa Teguise. \u00a0 \u00a0 \u00a0 \u00a0 \u00a0 \u00a0 \u00a0 \u00a0 \u00a0 shakti-yoga Studio w\u00fcnscht allen friedliche und besinnliche Weihnachtstag und einen guten \u00dcbergang ins<\/p>\n","protected":false},"author":2,"featured_media":0,"parent":0,"menu_order":0,"comment_status":"closed","ping_status":"closed","template":"","meta":[],"translation":{"provider":"WPGlobus","version":"2.8.2","language":"gb","enabled_languages":["de","gb","es"],"languages":{"de":{"title":true,"content":true,"excerpt":false},"gb":{"title":false,"content":false,"excerpt":false},"es":{"title":false,"content":false,"excerpt":false}}},"_links":{"self":[{"href":"http:\/\/www.casa-shakti.com\/gb\/wp-json\/wp\/v2\/pages\/2439"}],"collection":[{"href":"http:\/\/www.casa-shakti.com\/gb\/wp-json\/wp\/v2\/pages"}],"about":[{"href":"http:\/\/www.casa-shakti.com\/gb\/wp-json\/wp\/v2\/types\/page"}],"author":[{"embeddable":true,"href":"http:\/\/www.casa-shakti.com\/gb\/wp-json\/wp\/v2\/users\/2"}],"replies":[{"embeddable":true,"href":"http:\/\/www.casa-shakti.com\/gb\/wp-json\/wp\/v2\/comments?post=2439"}],"version-history":[{"count":92,"href":"http:\/\/www.casa-shakti.com\/gb\/wp-json\/wp\/v2\/pages\/2439\/revisions"}],"predecessor-version":[{"id":4047,"href":"http:\/\/www.casa-shakti.com\/gb\/wp-json\/wp\/v2\/pages\/2439\/revisions\/4047"}],"wp:attachment":[{"href":"http:\/\/www.casa-shakti.com\/gb\/wp-json\/wp\/v2\/media?parent=2439"}],"curies":[{"name":"wp","href":"https:\/\/api.w.org\/{rel}","templated":true}]}}